{"id":56,"date":"2020-04-30T14:16:05","date_gmt":"2020-04-30T14:16:05","guid":{"rendered":"https:\/\/icoll.hu\/?page_id=56"},"modified":"2023-08-25T11:24:17","modified_gmt":"2023-08-25T11:24:17","slug":"home","status":"publish","type":"page","link":"https:\/\/icoll.hu\/","title":{"rendered":"Home"},"content":{"rendered":"<h3>\n\t\tR\u00f3lunk\n\t<\/h3>\n\t<p><strong>A 2008-ban alap\u00edtott iColl Kft<\/strong>  eredm\u00e9nyorient\u00e1lt tan\u00e1csad\u00e1ssal seg\u00edti \u00fcgyfeleit v\u00e1llalkoz\u00e1suk fejl\u0151d\u00e9s\u00e9ben. Sz\u00e9lesk\u00f6r\u0171 szolg\u00e1ltat\u00e1saink k\u00f6z\u00f6tt szerepel az \u00e9rt\u00e9kes\u00edt\u00e9si tan\u00e1csad\u00e1s, melyben tapasztalt csapatunk seg\u00edt a strat\u00e9gi\u00e1k kidolgoz\u00e1s\u00e1ban \u00e9s az \u00e9rt\u00e9kes\u00edt\u00e9si folyamatok optimaliz\u00e1l\u00e1s\u00e1ban. T\u00e1mogat\u00e1st ny\u00fajtunk a hat\u00e9konys\u00e1gn\u00f6vel\u00e9s ter\u00e9n, elemzve \u00e9s optimaliz\u00e1lva az \u00fczleti folyamatokat, hogy n\u00f6velj\u00fck \u00fcgyfeleink versenyk\u00e9pess\u00e9g\u00e9t.<\/p>\n<p>Szervezeti tan\u00e1csad\u00e1sunk sor\u00e1n seg\u00edt\u00fcnk a hat\u00e9kony szervezet\u00e9p\u00edt\u00e9sben \u00e9s er\u0151forr\u00e1sok hat\u00e9kony felhaszn\u00e1l\u00e1s\u00e1ban, ezzel el\u0151seg\u00edtve a hossz\u00fa t\u00e1v\u00fa siker el\u00e9r\u00e9s\u00e9t. \u00dcgyfeleink el\u00e9gedetts\u00e9g\u00e9t k\u00fcl\u00f6n\u00f6sen fontosnak tartjuk, ez\u00e9rt Customer Experience szolg\u00e1ltat\u00e1sunkkal olyan megold\u00e1sokat \u00e9s strat\u00e9gi\u00e1kat k\u00edn\u00e1lunk, amelyek jav\u00edtj\u00e1k a v\u00e1s\u00e1rl\u00f3i \u00e9lm\u00e9nyt \u00e9s hossz\u00fa t\u00e1v\u00fa \u00fcgyf\u00e9lkapcsolatokat \u00e9p\u00edtenek.<\/p>\n<p>Csal\u00e1dias v\u00e1llalkoz\u00e1sk\u00e9nt minden \u00fcgyfel\u00fcnkkel szem\u00e9lyes kapcsolatot \u00e1polunk, \u00e9s kiemelt figyelmet ford\u00edtunk ig\u00e9nyeikre. C\u00e9lunk a folyamatos fejl\u0151d\u00e9s, hisz\u00fcnk az \u00e9rt\u00e9kteremt\u00e9sben \u00e9s az \u00fcgyfelek el\u00e9gedetts\u00e9g\u00e9ben, ez\u00e9rt t\u00f6reksz\u00fcnk a legjobb szolg\u00e1ltat\u00e1sok ny\u00fajt\u00e1s\u00e1ra, hogy partnereink sikeresen fejl\u0151djenek a versenyben..<\/p>\n<h3>\n\t\tGDPR tan\u00e1csad\u00e1s\n\t<\/h3>\n\t<p><strong>C\u00e9g\u00fcnk komplex GDPR tan\u00e1csad\u00e1ssal foglalkozik<\/strong>, amelynek c\u00e9lja, hogy seg\u00edts\u00fck \u00fcgyfeleinket az adatv\u00e9delmi el\u0151\u00edr\u00e1soknak val\u00f3 megfelel\u00e9sben.<\/p>\n<p>Az adatv\u00e9delem egyre fontosabb\u00e1 v\u00e1lik az \u00fczleti \u00e9letben, \u00e9s egyre t\u00f6bb v\u00e1llalkoz\u00e1s keresi a megold\u00e1st a GDPR-szab\u00e1lyoz\u00e1sra val\u00f3 megfelel\u00e9sben. Azonban a megfelel\u00e9s folyamatos \u00e9s \u00e1lland\u00f3 figyelmet ig\u00e9nyel. Ennek megfelel\u0151en, mi nem egyszeri munk\u00e1ban gondolkozunk, hanem havid\u00edjas szolg\u00e1ltat\u00e1sk\u00e9nt k\u00edn\u00e1ljuk \u00fcgyfeleinknek a GDPR megfelel\u0151s\u00e9get.<\/p>\n<p>A munk\u00e1nk sor\u00e1n az \u00fcgyfelek val\u00f3s munkafolyamatait figyelembe v\u00e9ve alak\u00edtjuk ki az adatfeldolgoz\u00e1sra vonatkoz\u00f3 dokument\u00e1ci\u00f3kat, \u00e9s oktat\u00e1st ny\u00fajtunk a dolgoz\u00f3iknak. Emellett, felk\u00e9sz\u00edtj\u00fck \u00fcgyfeleink dolgoz\u00f3it, hogy megfelel\u0151en tudj\u00e1k kezelni az adatv\u00e9delmi el\u0151\u00edr\u00e1sokat.<\/p>\n<p>\u00dcgyfeleink tev\u00e9kenys\u00e9g\u00e9t mind a technol\u00f3giai, mind a jogi \u00e9s szervezeti oldalr\u00f3l is \u00e1ttekintj\u00fck, ez\u00e1ltal biztos\u00edtva, hogy az adatkezel\u00e9s minden szempontb\u00f3l megfelel\u0151en t\u00f6rt\u00e9njen. Az iColl Kft. felk\u00e9sz\u00fclt \u00e9s tapasztalt szakemberei minden \u00fcgyf\u00e9l sz\u00e1m\u00e1ra szem\u00e9lyre szabott \u00e9s rugalmas megold\u00e1sokat k\u00edn\u00e1lnak, figyelembe v\u00e9ve az \u00fcgyf\u00e9l egyedi ig\u00e9nyeit \u00e9s tev\u00e9kenys\u00e9g\u00e9t.<\/p>\n<p>Az adatv\u00e9delem fontoss\u00e1ga nem csak az \u00fcgyfeleink sz\u00e1m\u00e1ra fontos, hanem a mi sz\u00e1munkra is. Az iColl Kft. szakemberei folyamatosan k\u00e9pzik magukat az adatv\u00e9delem ter\u00fclet\u00e9n, hogy mindig naprak\u00e9sz \u00e9s hat\u00e9kony megold\u00e1sokat tudjanak k\u00edn\u00e1lni \u00fcgyfeleinknek.<\/p>\n\u00d6sszefoglalva, az iColl Kft. az \u00d6n\u00f6k megb\u00edzhat\u00f3 partnere az adatv\u00e9delmi el\u0151\u00edr\u00e1soknak val\u00f3 megfelel\u00e9sben. Komplex szolg\u00e1ltat\u00e1sunkkal biztos\u00edtjuk \u00fcgyfeleinknek, hogy minden sz\u00fcks\u00e9ges dokument\u00e1ci\u00f3val, oktat\u00e1ssal \u00e9s felk\u00e9sz\u00edt\u00e9ssel rendelkezzenek az adatv\u00e9delmi szab\u00e1lyok betart\u00e1s\u00e1hoz.<br \/>\nR\u00e9szletesebb le\u00edr\u00e1s a szolg\u00e1ltat\u00e1sunkr\u00f3l a <a href=\"http:\/\/www.gdprsecurity.hu\" rel=\"noopener\" target=\"_blank\">www.gdprsecurity.hu<\/a> weboldalon tal\u00e1lhat\u00f3.\n<h3>\n\t\tEl\u00e9rhet\u0151s\u00e9gek\n\t<\/h3>\n\t<strong><\/strong> iColl M\u00e9rn\u00f6ki Tan\u00e1csad\u00f3 \u00e9s Szolg\u00e1ltat\u00f3 Korl\u00e1tolt Felel\u0151ss\u00e9g\u0171 T\u00e1rsas\u00e1g<br \/>\nTelefonsz\u00e1m: +36 30 9937 617<br \/>\ne-mail: kiss.robert@icoll.hu, kiss.robert@gdprsecurity.hu<br \/>\nC\u00edm: 2089. Telki, \u0150zike utca 14.\n<h3>\n\t\tK\u00f6z\u00f6ss\u00e9gi m\u00e9dia\n\t<\/h3>\n<h3>LinkedIn<\/h3>\t\t\n\t\t\t<p>Some text<\/p>\n<h3>Twitter<\/h3>\t\t\n\t\t\t<p>Some text<\/p>\n<h3>Facebook<\/h3>\t\t\n\t\t\t<p>Some text<\/p>\n","protected":false},"excerpt":{"rendered":"<p>R\u00f3lunk A 2008-ban alap\u00edtott iColl Kft eredm\u00e9nyorient\u00e1lt tan\u00e1csad\u00e1ssal seg\u00edti \u00fcgyfeleit v\u00e1llalkoz\u00e1suk fejl\u0151d\u00e9s\u00e9ben. Sz\u00e9lesk\u00f6r\u0171 szolg\u00e1ltat\u00e1saink k\u00f6z\u00f6tt szerepel az \u00e9rt\u00e9kes\u00edt\u00e9si tan\u00e1csad\u00e1s, melyben tapasztalt csapatunk seg\u00edt a strat\u00e9gi\u00e1k kidolgoz\u00e1s\u00e1ban \u00e9s az \u00e9rt\u00e9kes\u00edt\u00e9si folyamatok optimaliz\u00e1l\u00e1s\u00e1ban. T\u00e1mogat\u00e1st ny\u00fajtunk a hat\u00e9konys\u00e1gn\u00f6vel\u00e9s ter\u00e9n, elemzve \u00e9s optimaliz\u00e1lva az \u00fczleti folyamatokat, hogy n\u00f6velj\u00fck \u00fcgyfeleink versenyk\u00e9pess\u00e9g\u00e9t. Szervezeti tan\u00e1csad\u00e1sunk sor\u00e1n seg\u00edt\u00fcnk a hat\u00e9kony szervezet\u00e9p\u00edt\u00e9sben \u00e9s er\u0151forr\u00e1sok&hellip;<\/p>\n","protected":false},"author":2,"featured_media":0,"parent":0,"menu_order":0,"comment_status":"closed","ping_status":"closed","template":"","meta":{"footnotes":""},"class_list":["post-56","page","type-page","status-publish","hentry"],"_links":{"self":[{"href":"https:\/\/icoll.hu\/index.php?rest_route=\/wp\/v2\/pages\/56","targetHints":{"allow":["GET"]}}],"collection":[{"href":"https:\/\/icoll.hu\/index.php?rest_route=\/wp\/v2\/pages"}],"about":[{"href":"https:\/\/icoll.hu\/index.php?rest_route=\/wp\/v2\/types\/page"}],"author":[{"embeddable":true,"href":"https:\/\/icoll.hu\/index.php?rest_route=\/wp\/v2\/users\/2"}],"replies":[{"embeddable":true,"href":"https:\/\/icoll.hu\/index.php?rest_route=%2Fwp%2Fv2%2Fcomments&post=56"}],"version-history":[{"count":32,"href":"https:\/\/icoll.hu\/index.php?rest_route=\/wp\/v2\/pages\/56\/revisions"}],"predecessor-version":[{"id":279,"href":"https:\/\/icoll.hu\/index.php?rest_route=\/wp\/v2\/pages\/56\/revisions\/279"}],"wp:attachment":[{"href":"https:\/\/icoll.hu\/index.php?rest_route=%2Fwp%2Fv2%2Fmedia&parent=56"}],"curies":[{"name":"wp","href":"https:\/\/api.w.org\/{rel}","templated":true}]}}